{"id":1118,"date":"2019-03-23T23:27:27","date_gmt":"2019-03-23T23:27:27","guid":{"rendered":"http:\/\/urzuaabogados.com\/?page_id=1118"},"modified":"2024-05-22T11:10:53","modified_gmt":"2024-05-22T11:10:53","slug":"cristian-urzua-eng","status":"publish","type":"page","link":"https:\/\/urzuaabogados.com\/?page_id=1118","title":{"rendered":"CRISTI\u00c1N URZ\u00daA"},"content":{"rendered":"<p>[et_pb_section fb_built=\u00bb1&#8243; _builder_version=\u00bb4.16&#8243; custom_padding=\u00bb54px|0px|0|0px|false|false\u00bb global_colors_info=\u00bb{}\u00bb][et_pb_row column_structure=\u00bb2_5,3_5&#8243; _builder_version=\u00bb4.16&#8243; custom_padding=\u00bb27px|0px|0|0px|false|false\u00bb global_colors_info=\u00bb{}\u00bb][et_pb_column type=\u00bb2_5&#8243; _builder_version=\u00bb4.16&#8243; custom_padding=\u00bb|||\u00bb global_colors_info=\u00bb{}\u00bb custom_padding__hover=\u00bb|||\u00bb][et_pb_image src=\u00bbhttps:\/\/urzuaabogados.com\/wp-content\/uploads\/2019\/03\/urzua-1.jpg\u00bb align_tablet=\u00bbcenter\u00bb align_phone=\u00bb\u00bb align_last_edited=\u00bbon|desktop\u00bb _builder_version=\u00bb4.16&#8243; global_colors_info=\u00bb{}\u00bb][\/et_pb_image][\/et_pb_column][et_pb_column type=\u00bb3_5&#8243; _builder_version=\u00bb4.16&#8243; custom_padding=\u00bb|||\u00bb global_colors_info=\u00bb{}\u00bb custom_padding__hover=\u00bb|||\u00bb][et_pb_text _builder_version=\u00bb4.16&#8243; global_colors_info=\u00bb{}\u00bb]<\/p>\n<h2><strong>CRISTI\u00c1N URZ\u00daA<\/strong><\/h2>\n<h4><b>Socio<\/b><\/h4>\n<p><span style=\"font-family: inherit; font-weight: normal; font-size: medium;\"><\/span><\/p>\n<p>[\/et_pb_text][et_pb_text _builder_version=\u00bb4.16&#8243; global_colors_info=\u00bb{}\u00bb]<\/p>\n<p><span class=\"icon-phone\"><\/span> +56994333848 \/ +56224709721<\/p>\n<p><span class=\"icon-envelope\"> <\/span> <a href=\"mailto: curzua@urzuaabogados.com\">curzua@urzuaabogados.com<\/a><\/p>\n<p>[\/et_pb_text][et_pb_social_media_follow _builder_version=\u00bb4.16&#8243; custom_margin=\u00bb-85px||\u00bb custom_padding=\u00bb0px|||427px\u00bb global_colors_info=\u00bb{}\u00bb][et_pb_social_media_follow_network social_network=\u00bblinkedin\u00bb url=\u00bbhttps:\/\/cl.linkedin.com\/in\/cristianurzua472b6149&#8243; _builder_version=\u00bb4.16&#8243; background_color=\u00bb#007bb6&#8243; global_colors_info=\u00bb{}\u00bb follow_button=\u00bboff\u00bb url_new_window=\u00bbon\u00bb]linkedin[\/et_pb_social_media_follow_network][\/et_pb_social_media_follow][et_pb_text _builder_version=\u00bb4.16&#8243; global_colors_info=\u00bb{}\u00bb]<\/p>\n<h2><\/h2>\n<p><strong><\/strong><\/p>\n<p style=\"text-align: justify;\"><span style=\"font-weight: 400;\">Su pr\u00e1ctica se centra en proyectos, ingenier\u00eda y construcci\u00f3n y sus controversias (reclamaciones, litigios y arbitrajes).<\/span><\/p>\n<p style=\"text-align: justify;\">\n<p style=\"text-align: justify;\"><span style=\"font-weight: 400;\">Asesora a mandantes y contratistas en proyectos de infraestructura, en materias de ingenier\u00eda y construcci\u00f3n, desde la idea de desarrollar un proyecto, pasando por la preparaci\u00f3n de los contratos, su ejecuci\u00f3n, materializaci\u00f3n y reclamaciones, hasta su litigaci\u00f3n, arbitraje o liquidaci\u00f3n.<\/span><\/p>\n<p style=\"text-align: justify;\">\n<p style=\"text-align: justify;\"><span style=\"font-weight: 400;\">Cristi\u00e1n fue director del \u00c1rea de Arbitrajes y Litigios y especialista en ingenier\u00eda y construcci\u00f3n, en Carey &amp; Allende Abogados \u2013hoy CMS Carey &amp; Allende Abogados-, Santiago (2015-2016), y, previamente, asociado senior (2009-2015); abogado asociado de la oficina especializada en Arbitrajes y Litigios, Ort\u00fazar, \u00c1guila &amp; Concha -hoy Ort\u00fazar Vergara &amp; Boetsch, Santiago (2006-2008); y asociado del \u00c1rea de Arbitrajes y Litigios, en \u00c1lvarez, Hinzpeter &amp; Jana -hoy Bofill Mir &amp; \u00c1lvarez Jana-, Santiago (2006-2008).<\/span><\/p>\n<h4><strong><\/strong><\/h4>\n<p><span style=\"font-family: inherit; font-weight: normal; font-size: medium;\"><\/span><\/p>\n<p>[\/et_pb_text][\/et_pb_column][\/et_pb_row][et_pb_row _builder_version=\u00bb4.16&#8243; _module_preset=\u00bbdefault\u00bb global_colors_info=\u00bb{}\u00bb][et_pb_column type=\u00bb4_4&#8243; _builder_version=\u00bb4.16&#8243; _module_preset=\u00bbdefault\u00bb global_colors_info=\u00bb{}\u00bb][et_pb_testimonial author=\u00bbLegal 500&#8243; portrait_url=\u00bbhttps:\/\/urzuaabogados.com\/wp-content\/uploads\/2021\/03\/l500-next-generation-partner-la-2021.jpg\u00bb portrait_width=\u00bb100px\u00bb portrait_height=\u00bb150px\u00bb _builder_version=\u00bb4.16&#8243; _module_preset=\u00bbdefault\u00bb global_colors_info=\u00bb{}\u00bb]<\/p>\n<p><em>The best quality of Cristi\u00e1n Urz\u00faa is his 24\/7 availability, excellent treatment of clients, honesty and efficiency. He has knowledge and creativity that are very difficult to find in the Chilean market. He is extremely hard-working and diligent, and very committed to his clients. In my opinion, he is the best projects lawyer in Chile.<\/em><\/p>\n<p><em>Cristi\u00e1n Urz\u00faa has outstanding knowledge of our business and the practice of arbitration. He has been involved in several complex cases regarding all kinds of construction law issues.<\/em><\/p>\n<p><em>What makes this practice unique is having the experience to interpret correctly different scenarios and know how properly to assess and weigh the different risks without raising transaction costs.<\/em><\/p>\n<p>[\/et_pb_testimonial][\/et_pb_column][\/et_pb_row][et_pb_row column_structure=\u00bb2_3,1_3&#8243; _builder_version=\u00bb4.16&#8243; custom_padding=\u00bb30px|0px|0|0px|false|false\u00bb global_colors_info=\u00bb{}\u00bb][et_pb_column type=\u00bb2_3&#8243; _builder_version=\u00bb4.16&#8243; custom_padding=\u00bb|||\u00bb global_colors_info=\u00bb{}\u00bb custom_padding__hover=\u00bb|||\u00bb][et_pb_text _builder_version=\u00bb4.16&#8243; global_colors_info=\u00bb{}\u00bb]<\/p>\n<h4><strong>Experiencia representativa<\/strong><\/h4>\n<ul>\n<li style=\"text-align: justify;\"><span style=\"color: #002e6d;\"><strong>A una compa\u00f1\u00eda minera de presencia mundial<\/strong><\/span>, en el apoyo contractual de la construcci\u00f3n de una ampliaci\u00f3n de infraestructura minera que exige la ejecuci\u00f3n de 5 paquetes de contratos, en diversas modalidades, por US $2.000 millones.<\/li>\n<li style=\"text-align: justify;\"><span style=\"color: #002e6d;\"><strong>A una compa\u00f1\u00eda constructora de l\u00edneas de transmisi\u00f3n el\u00e9ctrica<\/strong><\/span>, en el apoyo contractual de la construcci\u00f3n de una de las l\u00edneas de transmisi\u00f3n el\u00e9ctrica m\u00e1s importantes de la d\u00e9cada, por US $250 millones.<\/li>\n<li style=\"text-align: justify;\"><span style=\"color: #002e6d;\"><strong>A una compa\u00f1\u00eda de ingenier\u00eda de presencia mundial<\/strong><\/span>, en un arbitraje nacional por US $7 millones, por una controversia relativa a impactos en plazo, costo y alcance de la obra, obteniendo una de las pocas sentencias que acogen un recurso de queja en contra de un \u00e1rbitro arbitrador, en los \u00faltimos 15 a\u00f1os.<\/li>\n<li style=\"text-align: justify;\"><span style=\"color: #002e6d;\"><strong>A una compa\u00f1\u00eda de energ\u00eda solar fotovoltaica<\/strong><\/span>, en un arbitraje nacional por US $8 millones, por una controversia relativa a impactos en plazo, costo y alcance de la obra, obteniendo sentencia favorable, pese a que la sentencia del primer \u00e1rbitro, fue objeto de sentencia de queja por la Corte de Santiago.<\/li>\n<li style=\"text-align: justify;\"><span style=\"color: #002e6d;\"><strong>A un grupo empresarial dedicado a operar servicios p\u00fablicos<\/strong><\/span>, en una decena de juicios y arbitrajes con su socio en el negocio, por un valor de US $20 millones.<\/li>\n<li style=\"text-align: justify;\"><span style=\"color: #002e6d;\"><strong>A una empresa del rubro de ingenier\u00eda con presencia mundial<\/strong><\/span>, en la determinaci\u00f3n de sus contingencias ambientales y en la preparaci\u00f3n temprana de la defensa ambiental, en un Proyecto de US $1.000 millones, por contingencias por alrededor de US $40 millones.<\/li>\n<\/ul>\n<h4><strong><\/strong><\/h4>\n<h4><strong>Reconocimientos\u00a0<\/strong><\/h4>\n<ul>\n<li style=\"text-align: justify;\">Up and Coming, Chambers and Partners, en Proyectos (2022 y 2023).<\/li>\n<li style=\"text-align: justify;\">Next Generation Partner, The Legal 500, en Proyectos e Infraestructura (2021, 2022 y 2023).<\/li>\n<li style=\"text-align: justify;\">Destacado en Leaders League, en Soluci\u00f3n de Controversias en Construcci\u00f3n y Arbitraje (2021, 2022 y 2023).<\/li>\n<li style=\"text-align: justify;\">Destacado por The Legal 500, la que lo describe as\u00ed: \u201ces estrat\u00e9gico y tiene gran conocimiento\u201d (2014, 2015, 2016 y 2017).<\/li>\n<li style=\"text-align: justify;\">Beca Chile, para estudios de mag\u00edster en el extranjero (2009).<\/li>\n<li style=\"text-align: justify;\">Premio Fernando Rozas Vial. Mejor alumno de Derecho Civil (2006).<\/li>\n<li style=\"text-align: justify;\">Premio Carey y C\u00eda. Mejor alumno de Derecho Civil (2005 y 2006).<\/li>\n<\/ul>\n<h4><\/h4>\n<h4><strong>Actividades y membres\u00edas<\/strong><\/h4>\n<p><strong><\/strong><\/p>\n<ul>\n<li><span style=\"font-weight: 400;\">Profesor de la Pontificia Universidad Cat\u00f3lica de Chile, El Contrato de Construcci\u00f3n (desde 2022).<\/span><\/li>\n<li><span style=\"font-weight: 400;\">Columnista de El Mercurio Legal, en materia de proyectos, ingenier\u00eda y construcci\u00f3n, y en litigios y arbitrajes (desde 2019).<\/span><\/li>\n<li style=\"text-align: justify;\">Profesor de la Universidad Adolfo Ib\u00e1\u00f1ez, El Contrato de Construcci\u00f3n ante el Derecho Civil (desde 2018).<span style=\"font-weight: 400;\"><\/span><\/li>\n<li style=\"text-align: justify;\"><strong><\/strong>Columnista de la Revista BIT, de la C\u00e1mara Chilena de la Construcci\u00f3n (2019).<\/li>\n<li style=\"text-align: justify;\">Expositor de la Sociedad Chilena de Derecho de la Construcci\u00f3n (2019).<\/li>\n<li style=\"text-align: justify;\">Expositor del Encuentro Mandante Contratista. C\u00e1mara Chilena de la Construcci\u00f3n (2018).<\/li>\n<li style=\"text-align: justify;\">Invitado por el IDIEM de la Universidad de Chile a charlas sobre arbitraje (2018 &#8211; 2019).<\/li>\n<li style=\"text-align: justify;\">Profesor de la Universidad Mayor, El Arbitraje (desde 2019).<\/li>\n<li style=\"text-align: justify;\">Profesor de la Universidad Alberto Hurtado, El Contrato de Construcci\u00f3n ante el Derecho Civil (desde 2018).<\/li>\n<li style=\"text-align: justify;\">Profesor de la Universidad Diego Portales, El Contrato de Construcci\u00f3n ante el Derecho Civil (desde 2015).<\/li>\n<li style=\"text-align: justify;\">Profesor de la Universidad Diego Portales, Obligaciones, Responsabilidad Contractual, Responsabilidad Extracontractual y Contratos Civiles (2013-2015).<\/li>\n<li style=\"text-align: justify;\">Profesor de Derecho Civil de la Pontificia Universidad Cat\u00f3lica de Chile (2006-2008).<\/li>\n<li style=\"text-align: justify;\">Miembro de la red <em>\u00abDispute Resolution Board Foundation\u00bb<\/em>.<\/li>\n<li style=\"text-align: justify;\">Miembro del Colegio de Abogados de Chile.<\/li>\n<\/ul>\n<p>[\/et_pb_text][et_pb_text _builder_version=\u00bb4.16&#8243; global_colors_info=\u00bb{}\u00bb][\/et_pb_text][\/et_pb_column][et_pb_column type=\u00bb1_3&#8243; _builder_version=\u00bb4.16&#8243; custom_padding=\u00bb|||\u00bb global_colors_info=\u00bb{}\u00bb custom_padding__hover=\u00bb|||\u00bb][et_pb_text _builder_version=\u00bb4.16&#8243; custom_padding=\u00bb|||45px\u00bb border_color_all=\u00bb#002E6D\u00bb border_width_left=\u00bb3px\u00bb global_colors_info=\u00bb{}\u00bb]<\/p>\n<h4><strong>Pr\u00e1ctica<\/strong><\/h4>\n<ul>\n<li style=\"text-align: justify;\">Derecho de Proyectos.<\/li>\n<li style=\"text-align: justify;\">Ingenier\u00eda y Construcci\u00f3n.<\/li>\n<li style=\"text-align: justify;\">Controversias de proyectos (reclamaciones, litigios y arbitrajes), incluyendo disputas relacionadas a la etapa de explotaci\u00f3n.<\/li>\n<\/ul>\n<h4><strong>Educaci\u00f3n<\/strong><\/h4>\n<h4><\/h4>\n<ul>\n<li style=\"text-align: justify;\">LL.M. Universidad de California, Berkeley (graduado con honores, 2012).<\/li>\n<li style=\"text-align: justify;\">Especialidad en Derecho Privado. Pontificia Universidad Cat\u00f3lica de Chile (graduado con distinci\u00f3n m\u00e1xima, 2005).<\/li>\n<li style=\"text-align: justify;\">Derecho. Pontificia Universidad Cat\u00f3lica de Chile (graduado con distinci\u00f3n m\u00e1xima, 2005).\u00a0<\/li>\n<\/ul>\n<h4><strong>Admisiones<br \/><\/strong><\/h4>\n<ul>\n<li>Chile.<\/li>\n<\/ul>\n<h4><strong>Idiomas\u00a0<\/strong><\/h4>\n<ul>\n<li>Espa\u00f1ol.<\/li>\n<li>Ingl\u00e9s.<\/li>\n<\/ul>\n<h4><\/h4>\n<ul><\/ul>\n<p>[\/et_pb_text][\/et_pb_column][\/et_pb_row][\/et_pb_section]<\/p>\n","protected":false},"excerpt":{"rendered":"<p>CRISTI\u00c1N URZ\u00daA Socio +56994333848 \/ +56224709721 curzua@urzuaabogados.com Su pr\u00e1ctica se centra en proyectos, ingenier\u00eda y construcci\u00f3n y sus controversias (reclamaciones, litigios y arbitrajes). Asesora a mandantes y contratistas en proyectos de infraestructura, en materias de ingenier\u00eda y construcci\u00f3n, desde la idea de desarrollar un proyecto, pasando por la preparaci\u00f3n de los contratos, su ejecuci\u00f3n, materializaci\u00f3n [&hellip;]<\/p>\n","protected":false},"author":1,"featured_media":0,"parent":194,"menu_order":0,"comment_status":"closed","ping_status":"closed","template":"","meta":{"_et_pb_use_builder":"on","_et_pb_old_content":"","_et_gb_content_width":"","footnotes":""},"class_list":["post-1118","page","type-page","status-publish","hentry"],"_links":{"self":[{"href":"https:\/\/urzuaabogados.com\/index.php?rest_route=\/wp\/v2\/pages\/1118","targetHints":{"allow":["GET"]}}],"collection":[{"href":"https:\/\/urzuaabogados.com\/index.php?rest_route=\/wp\/v2\/pages"}],"about":[{"href":"https:\/\/urzuaabogados.com\/index.php?rest_route=\/wp\/v2\/types\/page"}],"author":[{"embeddable":true,"href":"https:\/\/urzuaabogados.com\/index.php?rest_route=\/wp\/v2\/users\/1"}],"replies":[{"embeddable":true,"href":"https:\/\/urzuaabogados.com\/index.php?rest_route=%2Fwp%2Fv2%2Fcomments&post=1118"}],"version-history":[{"count":33,"href":"https:\/\/urzuaabogados.com\/index.php?rest_route=\/wp\/v2\/pages\/1118\/revisions"}],"predecessor-version":[{"id":2541,"href":"https:\/\/urzuaabogados.com\/index.php?rest_route=\/wp\/v2\/pages\/1118\/revisions\/2541"}],"up":[{"embeddable":true,"href":"https:\/\/urzuaabogados.com\/index.php?rest_route=\/wp\/v2\/pages\/194"}],"wp:attachment":[{"href":"https:\/\/urzuaabogados.com\/index.php?rest_route=%2Fwp%2Fv2%2Fmedia&parent=1118"}],"curies":[{"name":"wp","href":"https:\/\/api.w.org\/{rel}","templated":true}]}}